{"id":3,"date":"2024-01-11T07:38:28","date_gmt":"2024-01-11T07:38:28","guid":{"rendered":"https:\/\/www.konnectinternational.com\/?page_id=3"},"modified":"2024-01-23T14:19:47","modified_gmt":"2024-01-23T08:49:47","slug":"privacy-policy","status":"publish","type":"page","link":"https:\/\/www.konnectinternational.com\/tr\/gizlilik-politikasi\/","title":{"rendered":"Gizlilik Politikas\u0131"},"content":{"rendered":"<h2 class=\"wp-block-heading\">Konnect International i\u00e7in Gizlilik Politikas\u0131<\/h2>\n\n\n\n<p>\u015eu anda <strong>Ba\u011flant\u0131 Uluslararas\u0131<\/strong>, \u015furadan eri\u015filebilir: <a href=\"https:\/\/www.konnectinternational.com\/tr\/\">https:\/\/www.konnectinternational.com<\/a>, ana \u00f6nceliklerimizden biri ziyaret\u00e7ilerimizin gizlili\u011fidir. Bu Gizlilik Politikas\u0131 belgesi, Konnect International taraf\u0131ndan toplanan ve kaydedilen bilgi t\u00fcrlerini ve bunlar\u0131 nas\u0131l kulland\u0131\u011f\u0131m\u0131z\u0131 i\u00e7erir.<\/p>\n\n\n\n<p>Ek sorular\u0131n\u0131z varsa veya Gizlilik Politikam\u0131z hakk\u0131nda daha fazla bilgiye ihtiya\u00e7 duyuyorsan\u0131z bizimle ileti\u015fime ge\u00e7mekten \u00e7ekinmeyin.<\/p>\n\n\n\n<p>Bu Gizlilik Politikas\u0131 yaln\u0131zca \u00e7evrimi\u00e7i faaliyetlerimiz i\u00e7in ge\u00e7erlidir ve web sitemizi ziyaret edenler i\u00e7in Konnect International&#039;da payla\u015ft\u0131klar\u0131 ve\/veya toplad\u0131klar\u0131 bilgiler hakk\u0131nda ge\u00e7erlidir. Bu politika \u00e7evrimd\u0131\u015f\u0131 olarak veya bu web sitesi d\u0131\u015f\u0131ndaki kanallar arac\u0131l\u0131\u011f\u0131yla toplanan hi\u00e7bir bilgi i\u00e7in ge\u00e7erli de\u011fildir.<\/p>\n\n\n\n<h2 class=\"wp-block-heading\">Onay<\/h2>\n\n\n\n<p>Web sitemizi kullanman\u0131z, Gizlilik Politikam\u0131z\u0131 kabul etti\u011finizi ve \u015fartlar\u0131n\u0131 kabul etti\u011finiz anlam\u0131na gelir.<\/p>\n\n\n\n<h2 class=\"wp-block-heading\">Toplad\u0131\u011f\u0131m\u0131z bilgiler<\/h2>\n\n\n\n<p>Sizden istenen ki\u015fisel bilgiler ve bunlar\u0131n istenme nedenleri, ki\u015fisel bilgilerinizi sizden istedi\u011fimiz noktada size a\u00e7\u0131klanacakt\u0131r.<\/p>\n\n\n\n<p>Do\u011frudan bizimle ileti\u015fime ge\u00e7erseniz ad\u0131n\u0131z, e-posta adresiniz, telefon numaran\u0131z, bize g\u00f6nderebilece\u011finiz mesaj\u0131n ve\/veya eklerin i\u00e7eri\u011fi ve sa\u011flamay\u0131 se\u00e7ebilece\u011finiz di\u011fer bilgiler gibi sizinle ilgili ek bilgiler alabiliriz.<\/p>\n\n\n\n<p>Bir Hesap i\u00e7in kay\u0131t oldu\u011funuzda ad\u0131n\u0131z, \u015firket ad\u0131n\u0131z, adresiniz, e-posta adresiniz ve telefon numaran\u0131z gibi ileti\u015fim bilgilerinizi isteyebiliriz.<\/p>\n\n\n\n<h2 class=\"wp-block-heading\">Bilgilerinizi nas\u0131l kullan\u0131yoruz<\/h2>\n\n\n\n<p>Toplad\u0131\u011f\u0131m\u0131z bilgileri \u00e7e\u015fitli \u015fekillerde kullan\u0131yoruz, bunlar aras\u0131nda \u015funlar yer al\u0131r:<\/p>\n\n\n\n<ul class=\"wp-block-list\">\n<li>Web sitemizi sa\u011flamak, i\u015fletmek ve s\u00fcrd\u00fcrmek<\/li>\n\n\n\n<li>Web sitemizi geli\u015ftirin, ki\u015fiselle\u015ftirin ve geni\u015fletin<\/li>\n\n\n\n<li>Web sitemizi nas\u0131l kulland\u0131\u011f\u0131n\u0131z\u0131 anlay\u0131n ve analiz edin<\/li>\n\n\n\n<li>Yeni \u00fcr\u00fcnler, hizmetler, \u00f6zellikler ve i\u015flevler geli\u015ftirin<\/li>\n\n\n\n<li>M\u00fc\u015fteri hizmetleri de dahil olmak \u00fczere, do\u011frudan veya ortaklar\u0131m\u0131zdan biri arac\u0131l\u0131\u011f\u0131yla sizinle ileti\u015fim kurmak, size web sitesiyle ilgili g\u00fcncellemeleri ve di\u011fer bilgileri sa\u011flamak ve pazarlama ve tan\u0131t\u0131m ama\u00e7lar\u0131 i\u00e7in<\/li>\n\n\n\n<li>Size e-postalar g\u00f6nderece\u011fim<\/li>\n\n\n\n<li>Doland\u0131r\u0131c\u0131l\u0131\u011f\u0131 bulun ve \u00f6nleyin<\/li>\n<\/ul>\n\n\n\n<h2 class=\"wp-block-heading\">G\u00fcnl\u00fck Dosyalar\u0131<\/h2>\n\n\n\n<p>Konnect International, g\u00fcnl\u00fck dosyalar\u0131n\u0131 kullanma konusunda standart bir prosed\u00fcr izler. Bu dosyalar ziyaret\u00e7ilerin web sitelerini ziyaret ettiklerinde g\u00fcnl\u00fcklerini tutar. T\u00fcm bar\u0131nd\u0131rma \u015firketleri bunu yapar ve bar\u0131nd\u0131rma hizmetlerinin analizlerinin bir par\u00e7as\u0131d\u0131r. G\u00fcnl\u00fck dosyalar\u0131 taraf\u0131ndan toplanan bilgiler aras\u0131nda internet protokol\u00fc (IP) adresleri, taray\u0131c\u0131 t\u00fcr\u00fc, \u0130nternet Servis Sa\u011flay\u0131c\u0131s\u0131 (\u0130SS), tarih ve saat damgas\u0131, y\u00f6nlendiren\/\u00e7\u0131kan sayfalar ve muhtemelen t\u0131klama say\u0131s\u0131 bulunur. Bunlar ki\u015fisel olarak tan\u0131mlanabilir herhangi bir bilgiyle ba\u011flant\u0131l\u0131 de\u011fildir. Bilgilerin amac\u0131 e\u011filimleri analiz etmek, siteyi y\u00f6netmek, kullan\u0131c\u0131lar\u0131n web sitesindeki hareketlerini izlemek ve demografik bilgi toplamakt\u0131r.<\/p>\n\n\n\n<h2 class=\"wp-block-heading\">\u00c7erezler ve Web \u0130\u015faret\u00e7ileri<\/h2>\n\n\n\n<p>Di\u011fer t\u00fcm web siteleri gibi Konnect International da &quot;\u00e7erezler&quot; kullan\u0131r. Bu \u00e7erezler, ziyaret\u00e7ilerin tercihleri ve ziyaret\u00e7inin web sitesinde eri\u015fti\u011fi veya ziyaret etti\u011fi sayfalar dahil olmak \u00fczere bilgileri depolamak i\u00e7in kullan\u0131l\u0131r. Bilgiler, web sayfam\u0131z\u0131n i\u00e7eri\u011fini ziyaret\u00e7ilerin taray\u0131c\u0131 t\u00fcr\u00fcne ve\/veya di\u011fer bilgilere g\u00f6re \u00f6zelle\u015ftirerek kullan\u0131c\u0131lar\u0131n deneyimini optimize etmek i\u00e7in kullan\u0131l\u0131r.<\/p>\n\n\n\n<h2 class=\"wp-block-heading\">Google DoubleClick DART \u00c7erezi<\/h2>\n\n\n\n<p>Google, sitemizdeki \u00fc\u00e7\u00fcnc\u00fc taraf sat\u0131c\u0131lardan biridir. Ayr\u0131ca, www.website.com ve internetteki di\u011fer sitelere yapt\u0131klar\u0131 ziyaretlere g\u00f6re sitemizin ziyaret\u00e7ilerine reklam sunmak i\u00e7in DART \u00e7erezleri olarak bilinen \u00e7erezleri kullan\u0131r. Ancak ziyaret\u00e7iler, a\u015fa\u011f\u0131daki URL&#039;de bulunan Google reklam ve i\u00e7erik a\u011f\u0131 Gizlilik Politikas\u0131&#039;n\u0131 ziyaret ederek DART \u00e7erezlerinin kullan\u0131m\u0131n\u0131 reddetmeyi se\u00e7ebilirler \u2013&nbsp;<a href=\"https:\/\/policies.google.com\/technologies\/ads\" target=\"_blank\" rel=\"noreferrer noopener\">https:\/\/policies.google.com\/technologies\/ads<\/a><\/p>\n\n\n\n<h2 class=\"wp-block-heading\">Reklam Ortaklar\u0131m\u0131z<\/h2>\n\n\n\n<p>Sitemizdeki reklam verenlerin baz\u0131lar\u0131 \u00e7erez ve web i\u015faret\u00e7ileri kullanabilir. Reklam ortaklar\u0131m\u0131z a\u015fa\u011f\u0131da listelenmi\u015ftir. Reklam ortaklar\u0131m\u0131z\u0131n her birinin kullan\u0131c\u0131 verileriyle ilgili politikalar\u0131 i\u00e7in kendi Gizlilik Politikas\u0131 vard\u0131r. Daha kolay eri\u015fim i\u00e7in a\u015fa\u011f\u0131da Gizlilik Politikalar\u0131na k\u00f6pr\u00fc ba\u011flant\u0131s\u0131 verdik.<\/p>\n\n\n\n<ul class=\"wp-block-list\">\n<li>Google&nbsp;<a href=\"https:\/\/policies.google.com\/technologies\/ads\" target=\"_blank\" rel=\"noreferrer noopener\">https:\/\/policies.google.com\/technologies\/ads<\/a><\/li>\n<\/ul>\n\n\n\n<h2 class=\"wp-block-heading\">Reklam Ortaklar\u0131 Gizlilik Politikalar\u0131<\/h2>\n\n\n\n<p>Konnect International&#039;\u0131n reklam ortaklar\u0131n\u0131n her birinin Gizlilik Politikas\u0131n\u0131 bulmak i\u00e7in bu listeye ba\u015fvurabilirsiniz.<\/p>\n\n\n\n<p>\u00dc\u00e7\u00fcnc\u00fc taraf reklam sunucular\u0131 veya reklam a\u011flar\u0131, Konnect International&#039;da g\u00f6r\u00fcnen ilgili reklamlar\u0131nda ve ba\u011flant\u0131larda kullan\u0131lan \u00e7erezler, JavaScript veya Web Beacons gibi teknolojileri kullan\u0131r ve bunlar do\u011frudan kullan\u0131c\u0131lar\u0131n taray\u0131c\u0131s\u0131na g\u00f6nderilir. Bu ger\u00e7ekle\u015fti\u011finde otomatik olarak IP adresinizi al\u0131rlar. Bu teknolojiler, reklam kampanyalar\u0131n\u0131n etkinli\u011fini \u00f6l\u00e7mek ve\/veya ziyaret etti\u011finiz web sitelerinde g\u00f6rd\u00fc\u011f\u00fcn\u00fcz reklam i\u00e7eri\u011fini ki\u015fiselle\u015ftirmek i\u00e7in kullan\u0131l\u0131r.<\/p>\n\n\n\n<p>Konnect International&#039;\u0131n, \u00fc\u00e7\u00fcnc\u00fc taraf reklamverenler taraf\u0131ndan kullan\u0131lan bu \u00e7erezlere eri\u015fimi veya kontrol\u00fc olmad\u0131\u011f\u0131n\u0131 unutmay\u0131n.<\/p>\n\n\n\n<h2 class=\"wp-block-heading\">\u00dc\u00e7\u00fcnc\u00fc Taraf Gizlilik Politikalar\u0131<\/h2>\n\n\n\n<p>Konnect International Gizlilik Politikas\u0131 di\u011fer reklamverenler veya web siteleri i\u00e7in ge\u00e7erli de\u011fildir. Bu nedenle, daha ayr\u0131nt\u0131l\u0131 bilgi i\u00e7in bu \u00fc\u00e7\u00fcnc\u00fc taraf reklam sunucular\u0131n\u0131n ilgili Gizlilik Politikalar\u0131na ba\u015fvurman\u0131z\u0131 \u00f6neririz. Bu politikalar, belirli se\u00e7eneklerden nas\u0131l vazge\u00e7ilece\u011fine dair uygulamalar\u0131n\u0131 ve talimatlar\u0131n\u0131 i\u00e7erebilir.<\/p>\n\n\n\n<p>Taray\u0131c\u0131n\u0131z\u0131n se\u00e7eneklerinden \u00e7erezleri devre d\u0131\u015f\u0131 b\u0131rakmay\u0131 se\u00e7ebilirsiniz. Belirli web taray\u0131c\u0131lar\u0131nda \u00e7erez y\u00f6netimi hakk\u0131nda daha ayr\u0131nt\u0131l\u0131 bilgi edinmek i\u00e7in taray\u0131c\u0131lar\u0131n ilgili web sitelerinde bulunabilir.<\/p>\n\n\n\n<h2 class=\"wp-block-heading\">CCPA Gizlilik Haklar\u0131 (Ki\u015fisel Bilgilerimi Satmay\u0131n)<\/h2>\n\n\n\n<p>CCPA uyar\u0131nca, Kaliforniya t\u00fcketicileri di\u011fer haklar\u0131n\u0131n yan\u0131 s\u0131ra \u015fu haklara sahiptir:<\/p>\n\n\n\n<p>Bir t\u00fcketicinin ki\u015fisel verilerini toplayan bir i\u015fletmeden, t\u00fcketiciler hakk\u0131nda toplad\u0131\u011f\u0131 ki\u015fisel verilerin kategorilerini ve belirli par\u00e7alar\u0131n\u0131 a\u00e7\u0131klamas\u0131n\u0131 talep edin.<\/p>\n\n\n\n<p>Bir i\u015fletmenin t\u00fcketici hakk\u0131nda toplad\u0131\u011f\u0131 t\u00fcm ki\u015fisel verileri silmesini talep edin.<\/p>\n\n\n\n<p>T\u00fcketicinin ki\u015fisel verilerini satan bir i\u015fletmenin, t\u00fcketicinin ki\u015fisel verilerini satmas\u0131n\u0131 istemeyin.<\/p>\n\n\n\n<p>Bir talepte bulunursan\u0131z, size yan\u0131t vermek i\u00e7in bir ay\u0131m\u0131z var. Bu haklardan herhangi birini kullanmak isterseniz l\u00fctfen bizimle ileti\u015fime ge\u00e7in.<\/p>\n\n\n\n<h2 class=\"wp-block-heading\">GDPR Veri Koruma Haklar\u0131<\/h2>\n\n\n\n<p>T\u00fcm veri koruma haklar\u0131n\u0131z\u0131n tamamen fark\u0131nda oldu\u011funuzdan emin olmak istiyoruz. Her kullan\u0131c\u0131 a\u015fa\u011f\u0131daki haklara sahiptir:<\/p>\n\n\n\n<p>Eri\u015fim hakk\u0131 \u2013 Ki\u015fisel verilerinizin kopyalar\u0131n\u0131 talep etme hakk\u0131na sahipsiniz. Bu hizmet i\u00e7in sizden k\u00fc\u00e7\u00fck bir \u00fccret talep edebiliriz.<\/p>\n\n\n\n<p>D\u00fczeltme hakk\u0131 \u2013 Yanl\u0131\u015f oldu\u011funa inand\u0131\u011f\u0131n\u0131z herhangi bir bilgiyi d\u00fczeltmemizi talep etme hakk\u0131na sahipsiniz. Ayr\u0131ca, eksik oldu\u011funa inand\u0131\u011f\u0131n\u0131z bilgileri tamamlamam\u0131z\u0131 talep etme hakk\u0131na sahipsiniz.<\/p>\n\n\n\n<p>Silme hakk\u0131 \u2013 Belirli ko\u015fullar alt\u0131nda ki\u015fisel verilerinizin silinmesini talep etme hakk\u0131na sahipsiniz.<\/p>\n\n\n\n<p>\u0130\u015flemeyi k\u0131s\u0131tlama hakk\u0131 \u2013 Belirli ko\u015fullar alt\u0131nda, ki\u015fisel verilerinizin i\u015flenmesini k\u0131s\u0131tlamam\u0131z\u0131 talep etme hakk\u0131na sahipsiniz.<\/p>\n\n\n\n<p>\u0130\u015flemeye itiraz etme hakk\u0131 \u2013 Belirli ko\u015fullar alt\u0131nda, ki\u015fisel verilerinizin taraf\u0131m\u0131zca i\u015flenmesine itiraz etme hakk\u0131na sahipsiniz.<\/p>\n\n\n\n<p>Veri ta\u015f\u0131nabilirli\u011fi hakk\u0131 \u2013 Belirli ko\u015fullar alt\u0131nda, toplad\u0131\u011f\u0131m\u0131z verilerin ba\u015fka bir kurulu\u015fa veya do\u011frudan size aktar\u0131lmas\u0131n\u0131 talep etme hakk\u0131na sahipsiniz.<\/p>\n\n\n\n<p>Bir talepte bulunursan\u0131z, size yan\u0131t vermek i\u00e7in bir ay\u0131m\u0131z var. Bu haklardan herhangi birini kullanmak isterseniz l\u00fctfen bizimle ileti\u015fime ge\u00e7in.<\/p>\n\n\n\n<h2 class=\"wp-block-heading\">\u00c7ocuklara Y\u00f6nelik Bilgiler<\/h2>\n\n\n\n<p>\u00d6nceli\u011fimizin bir di\u011fer k\u0131sm\u0131 da \u00e7ocuklar\u0131n interneti kullan\u0131rken korunmas\u0131n\u0131 sa\u011flamakt\u0131r. Ebeveynleri ve velileri, \u00e7evrimi\u00e7i aktivitelerini g\u00f6zlemlemeye, kat\u0131lmaya ve\/veya izlemeye ve y\u00f6nlendirmeye te\u015fvik ediyoruz.<\/p>\n\n\n\n<p>Konnect International, 13 ya\u015f\u0131n alt\u0131ndaki \u00e7ocuklardan bilerek Ki\u015fisel Tan\u0131mlay\u0131c\u0131 Bilgiler toplamaz. \u00c7ocu\u011funuzun web sitemizde bu t\u00fcr bilgileri sa\u011flad\u0131\u011f\u0131n\u0131 d\u00fc\u015f\u00fcn\u00fcyorsan\u0131z, l\u00fctfen hemen bizimle ileti\u015fime ge\u00e7menizi \u00f6nemle rica ederiz ve bu t\u00fcr bilgileri kay\u0131tlar\u0131m\u0131zdan derhal kald\u0131rmak i\u00e7in elimizden gelenin en iyisini yapaca\u011f\u0131z.<\/p>\n\n\n\n<h2 class=\"wp-block-heading\">Bu Gizlilik Politikas\u0131ndaki De\u011fi\u015fiklikler<\/h2>\n\n\n\n<p>Gizlilik Politikam\u0131z\u0131 zaman zaman g\u00fcncelleyebiliriz. Bu nedenle, herhangi bir de\u011fi\u015fiklik olup olmad\u0131\u011f\u0131n\u0131 g\u00f6rmek i\u00e7in bu sayfay\u0131 periyodik olarak incelemenizi \u00f6neririz. Yeni Gizlilik Politikas\u0131n\u0131 bu sayfada yay\u0131nlayarak sizi herhangi bir de\u011fi\u015fiklikten haberdar edece\u011fiz. Bu de\u011fi\u015fiklikler bu sayfada yay\u0131nland\u0131ktan hemen sonra y\u00fcr\u00fcrl\u00fc\u011fe girer.<\/p>\n\n\n\n<h2 class=\"wp-block-heading\">Bize Ula\u015f\u0131n<\/h2>\n\n\n\n<p>Gizlilik Politikam\u0131z hakk\u0131nda herhangi bir sorunuz veya \u00f6neriniz varsa, l\u00fctfen bizimle ileti\u015fime ge\u00e7mekten \u00e7ekinmeyin. <a href=\"https:\/\/www.konnectinternational.com\/tr\/bize-ulasin-2\/\">bize Ula\u015f\u0131n<\/a>.<\/p>","protected":false},"excerpt":{"rendered":"<p>Privacy Policy for Konnect International At Konnect International, accessible from https:\/\/www.konnectinternational.com, one of our main priorities is the privacy of &#8230; <\/p>\n<p class=\"read-more-container\"><a title=\"Gizlilik Politikas\u0131\" class=\"read-more button\" href=\"https:\/\/www.konnectinternational.com\/tr\/gizlilik-politikasi\/#more-3\" aria-label=\"Read more about Privacy Policy\">Tam Makale<\/a><\/p>","protected":false},"author":1,"featured_media":0,"parent":0,"menu_order":0,"comment_status":"closed","ping_status":"open","template":"","meta":{"footnotes":""},"class_list":["post-3","page","type-page","status-publish"],"_links":{"self":[{"href":"https:\/\/www.konnectinternational.com\/tr\/wp-json\/wp\/v2\/pages\/3","targetHints":{"allow":["GET"]}}],"collection":[{"href":"https:\/\/www.konnectinternational.com\/tr\/wp-json\/wp\/v2\/pages"}],"about":[{"href":"https:\/\/www.konnectinternational.com\/tr\/wp-json\/wp\/v2\/types\/page"}],"author":[{"embeddable":true,"href":"https:\/\/www.konnectinternational.com\/tr\/wp-json\/wp\/v2\/users\/1"}],"replies":[{"embeddable":true,"href":"https:\/\/www.konnectinternational.com\/tr\/wp-json\/wp\/v2\/comments?post=3"}],"version-history":[{"count":7,"href":"https:\/\/www.konnectinternational.com\/tr\/wp-json\/wp\/v2\/pages\/3\/revisions"}],"predecessor-version":[{"id":776,"href":"https:\/\/www.konnectinternational.com\/tr\/wp-json\/wp\/v2\/pages\/3\/revisions\/776"}],"wp:attachment":[{"href":"https:\/\/www.konnectinternational.com\/tr\/wp-json\/wp\/v2\/media?parent=3"}],"curies":[{"name":"wp","href":"https:\/\/api.w.org\/{rel}","templated":true}]}}